{"id":8,"date":"2018-05-09T12:22:47","date_gmt":"2018-05-09T10:22:47","guid":{"rendered":"http:\/\/yogaryam.com\/?page_id=8"},"modified":"2026-07-26T15:51:33","modified_gmt":"2026-07-26T13:51:33","slug":"a-propos-de-jaques-vigne-krishnamacharya","status":"publish","type":"page","link":"https:\/\/yogaryam.com\/index.php\/a-propos-de-jaques-vigne-krishnamacharya\/","title":{"rendered":"\u00c0 propos de"},"content":{"rendered":"\t\t<div data-elementor-type=\"wp-page\" data-elementor-id=\"8\" class=\"elementor elementor-8\">\n\t\t\t\t\t\t<section class=\"elementor-section elementor-top-section elementor-element elementor-element-39e2d574 elementor-section-boxed elementor-section-height-default elementor-section-height-default\" data-id=\"39e2d574\" data-element_type=\"section\">\n\t\t\t\t\t\t<div class=\"elementor-container elementor-column-gap-default\">\n\t\t\t\t\t<div class=\"elementor-column elementor-col-100 elementor-top-column elementor-element elementor-element-43f2427\" data-id=\"43f2427\" data-element_type=\"column\">\n\t\t\t<div class=\"elementor-widget-wrap elementor-element-populated\">\n\t\t\t\t\t\t<div class=\"elementor-element elementor-element-7401dcfb elementor-widget elementor-widget-text-editor\" data-id=\"7401dcfb\" data-element_type=\"widget\" data-widget_type=\"text-editor.default\">\n\t\t\t\t<div class=\"elementor-widget-container\">\n\t\t\t\t\t\t\t\t\t<div>\n<div><span style=\"color: #ff00ff;\"><em><img fetchpriority=\"high\" decoding=\"async\" class=\"alignnone size-medium wp-image-2978\" src=\"https:\/\/yogaryam.com\/wp-content\/uploads\/2026\/07\/photo-1-300x295.jpg\" alt=\"photo de moi\" width=\"300\" height=\"295\" srcset=\"https:\/\/yogaryam.com\/wp-content\/uploads\/2026\/07\/photo-1-300x295.jpg 300w, https:\/\/yogaryam.com\/wp-content\/uploads\/2026\/07\/photo-1-1024x1007.jpg 1024w, https:\/\/yogaryam.com\/wp-content\/uploads\/2026\/07\/photo-1-768x755.jpg 768w, https:\/\/yogaryam.com\/wp-content\/uploads\/2026\/07\/photo-1.jpg 1032w\" sizes=\"(max-width: 300px) 100vw, 300px\" \/><\/em><\/span><\/div>\n<div><\/div>\n<span style=\"color: #333399;\"><strong>Pourquoi j&rsquo;ai cr\u00e9\u00e9 Yogaryam<\/strong><\/span>\n\n<span style=\"color: #333399;\">Pendant de nombreuses ann\u00e9es, la danse en amateur a occup\u00e9 une place importante dans ma vie. Puis une blessure \u00e0 la cheville m&rsquo;a contrainte \u00e0 interrompre cette pratique.<\/span>\n\n<span style=\"color: #333399;\">Le yoga est alors arriv\u00e9 presque par hasard (mais y a-t-il des hasards\u00a0!).<\/span>\n\n<span style=\"color: #333399;\">Je pensais simplement y trouver une activit\u00e9 le temps de gu\u00e9rir.<\/span>\n\n<span style=\"color: #333399;\">Mais d\u00e8s la premi\u00e8re s\u00e9ance, quelque chose d&rsquo;inattendu s&rsquo;est produit.<\/span>\n\n<span style=\"color: #333399;\">J&rsquo;ai eu la sensation profonde que mon corps retrouvait naturellement son \u00e9quilibre, comme si le mouvement, le souffle et le mental parlaient enfin le m\u00eame langage.<\/span>\n\n<span style=\"color: #333399;\">Je me souviens encore de cette impression de l\u00e9g\u00e8ret\u00e9 int\u00e9rieure. Une sensation de me retrouver.<\/span>\n\n<span style=\"color: #333399;\">Plus de vingt ans plus tard, cette \u00e9motion ne m&rsquo;a jamais quitt\u00e9e.<\/span>\n\n<span style=\"color: #333399;\">C&rsquo;est elle qui guide encore aujourd&rsquo;hui ma fa\u00e7on d&rsquo;enseigner.<\/span>\n\n<span style=\"color: #333399;\">J&rsquo;ai alors choisi de me former pendant trois ann\u00e9es aupr\u00e8s de l&rsquo;\u00c9cole Nationale des Professeurs de Yoga (ENPY), o\u00f9 j&rsquo;ai acquis des bases solides en Hatha Yoga. Au fil des ann\u00e9es, j&rsquo;ai enrichi cette approche gr\u00e2ce \u00e0 diff\u00e9rentes formations : yoga sur chaise, m\u00e9ditation, Yin Yoga, m\u00e9decine traditionnelle tib\u00e9taine, mantra th\u00e9rapie, bols chantants au N\u00e9pal, yoga du visage et, aujourd&rsquo;hui, yoga th\u00e9rapie selon la m\u00e9thode Green Yoga\u00ae.<\/span>\n\n<span style=\"color: #333399;\">Toutes ces pratiques ont un point commun : elles replacent le corps, le souffle et l&rsquo;\u00e9coute de soi au c\u0153ur du chemin.<\/span>\n\n<span style=\"color: #333399;\">C&rsquo;est cette vision que j&rsquo;ai rassembl\u00e9e dans <strong>l&rsquo;Approche Yogaryam<\/strong>.<\/span>\n\n<span style=\"color: #333399;\">Que ce soit lors d&rsquo;un cours collectif, d&rsquo;un massage sonore, d&rsquo;un accompagnement individuel ou d&rsquo;un Parcours Signature, mon intention est toujours la m\u00eame :<\/span>\n\n<span style=\"color: #333399;\"><strong>Vous aidez \u00e0 retrouver un corps plus libre, un souffle plus ample et une relation plus apais\u00e9e avec le mouvement.<\/strong><\/span>\n\n<span style=\"color: #333399;\">Au plaisir de vous accueillir sur le tapis ou d&rsquo;\u00e9changer avec vous.<\/span>\n\n<img decoding=\"async\" class=\"alignnone size-medium wp-image-2979\" src=\"https:\/\/yogaryam.com\/wp-content\/uploads\/2026\/07\/IMG_7259_DxO-2-300x200.jpg\" alt=\"posture de yoga\" width=\"300\" height=\"200\" srcset=\"https:\/\/yogaryam.com\/wp-content\/uploads\/2026\/07\/IMG_7259_DxO-2-300x200.jpg 300w, https:\/\/yogaryam.com\/wp-content\/uploads\/2026\/07\/IMG_7259_DxO-2-1024x683.jpg 1024w, https:\/\/yogaryam.com\/wp-content\/uploads\/2026\/07\/IMG_7259_DxO-2-768x512.jpg 768w, https:\/\/yogaryam.com\/wp-content\/uploads\/2026\/07\/IMG_7259_DxO-2-1536x1024.jpg 1536w, https:\/\/yogaryam.com\/wp-content\/uploads\/2026\/07\/IMG_7259_DxO-2-2048x1365.jpg 2048w\" sizes=\"(max-width: 300px) 100vw, 300px\" \/>\n<div>\n<div>\n\n<span style=\"color: #333399;\"><strong>2016<\/strong> \u2014 titulaire du dipl\u00f4me F\u00e9d\u00e9ral de professeur de Yoga valid\u00e9e par un Certificat de Qualification Professionnelle<strong>\u00a0<a style=\"color: #333399;\" href=\"http:\/\/www.isqualification.com\/page-opqf-presentation.htm\/\">ISQ-OPQF<\/a> ,<\/strong> N\u00b0 de carte 24-219. Cette formation, dispens\u00e9e durant 3 ans, s&rsquo;inscrit dans la philosophie de \u00a0<a style=\"color: #333399;\" href=\"https:\/\/www.youtube.com\/watch?v=v468wX5F5C8\"> Krishnamurti. <\/a>\u00a0mais aussi de <strong>T.K.V. DESIKACHAR, <\/strong>fils et \u00e9tudiant privil\u00e9gi\u00e9 de <strong>Sri Krishnamacharya<\/strong>, consid\u00e9r\u00e9 comme le p\u00e8re du <em>Yoga.<\/em><\/span>\n\n<span style=\"color: #333399;\"><strong>2017<\/strong> \u2014 Yoga sur chaise &amp; m\u00e9ditation \u2013 formation ENPY<\/span>\n\n<span style=\"color: #333399;\"><strong>2019\u20132020<\/strong> \u2014 Yin Yoga \u2013 S\u00e9bastian Pucelle et Muriel Burellier<\/span>\n\n<span style=\"color: #333399;\"><strong>2023<\/strong> \u2014 Formation g\u00e9n\u00e9rale en m\u00e9decine traditionnelle tib\u00e9taine https:\/\/www.sorig.fr\/<\/span>\n\n<span style=\"color: #333399;\"><strong>2023<\/strong> \u2014 Mantra th\u00e9rapie \u2013 Drukmogyal<\/span>\n\n<img decoding=\"async\" class=\"alignnone size-medium wp-image-2983\" src=\"https:\/\/yogaryam.com\/wp-content\/uploads\/2026\/07\/Post-Instagram-Cours-de-Yoga-Neutre-Beige-300x300.jpg\" alt=\"n\u00e9pal \" width=\"300\" height=\"300\" srcset=\"https:\/\/yogaryam.com\/wp-content\/uploads\/2026\/07\/Post-Instagram-Cours-de-Yoga-Neutre-Beige-300x300.jpg 300w, https:\/\/yogaryam.com\/wp-content\/uploads\/2026\/07\/Post-Instagram-Cours-de-Yoga-Neutre-Beige-1024x1024.jpg 1024w, https:\/\/yogaryam.com\/wp-content\/uploads\/2026\/07\/Post-Instagram-Cours-de-Yoga-Neutre-Beige-150x150.jpg 150w, https:\/\/yogaryam.com\/wp-content\/uploads\/2026\/07\/Post-Instagram-Cours-de-Yoga-Neutre-Beige-768x768.jpg 768w, https:\/\/yogaryam.com\/wp-content\/uploads\/2026\/07\/Post-Instagram-Cours-de-Yoga-Neutre-Beige-100x100.jpg 100w, https:\/\/yogaryam.com\/wp-content\/uploads\/2026\/07\/Post-Instagram-Cours-de-Yoga-Neutre-Beige.jpg 1080w\" sizes=\"(max-width: 300px) 100vw, 300px\" \/>\n\n<span style=\"color: #333399;\"><strong>2025<\/strong> \u2014 Certification aux bols chantants au N\u00e9pal \u2013 Maya Singing Bowl<\/span>\n\n<span style=\"color: #333399;\"><strong>Depuis 2025<\/strong> \u2014 Green Yoga\u00ae Th\u00e9rapie \u2013 C\u00e9line Miconnet<\/span>\n\n<span style=\"color: #333399;\"><strong>2026<\/strong> \u2014 Certification Yoga du Visage \u2013 Nathalie Dendura<\/span>\n<h4><\/h4>\n<img loading=\"lazy\" decoding=\"async\" class=\"alignnone size-medium wp-image-2982 aligncenter\" src=\"https:\/\/yogaryam.com\/wp-content\/uploads\/2026\/07\/IMG_7143-200x300.jpg\" alt=\"\" width=\"200\" height=\"300\" srcset=\"https:\/\/yogaryam.com\/wp-content\/uploads\/2026\/07\/IMG_7143-200x300.jpg 200w, https:\/\/yogaryam.com\/wp-content\/uploads\/2026\/07\/IMG_7143-683x1024.jpg 683w, https:\/\/yogaryam.com\/wp-content\/uploads\/2026\/07\/IMG_7143-768x1152.jpg 768w, https:\/\/yogaryam.com\/wp-content\/uploads\/2026\/07\/IMG_7143-1024x1536.jpg 1024w, https:\/\/yogaryam.com\/wp-content\/uploads\/2026\/07\/IMG_7143-1365x2048.jpg 1365w, https:\/\/yogaryam.com\/wp-content\/uploads\/2026\/07\/IMG_7143-scaled.jpg 1707w\" sizes=\"(max-width: 200px) 100vw, 200px\" \/>\n\n<\/div>\n<\/div>\n<\/div>\n<\/div><\/div><\/div><\/div><\/div><\/section><\/div> <a href=\"https:\/\/yogaryam.com\/index.php\/a-propos-de-jaques-vigne-krishnamacharya\/#more-8\" class=\"more-link elementor-more-link\"><span aria-label=\"Poursuivre la lecture \u00c0 propos de\">(plus\u2026)<\/span><\/a>","protected":false},"excerpt":{"rendered":"<p>Pourquoi j&rsquo;ai cr\u00e9\u00e9 Yogaryam Pendant de nombreuses ann\u00e9es, la danse en amateur a occup\u00e9 une place importante dans ma vie. Puis une blessure \u00e0 la cheville m&rsquo;a contrainte \u00e0 interrompre &hellip; <\/p>\n<p class=\"link-more\"><a href=\"https:\/\/yogaryam.com\/index.php\/a-propos-de-jaques-vigne-krishnamacharya\/\" class=\"more-link\">Continuer la lecture<span class=\"screen-reader-text\"> de &laquo;&nbsp;\u00c0 propos de&nbsp;&raquo;<\/span><\/a><\/p>\n","protected":false},"author":2,"featured_media":0,"parent":0,"menu_order":0,"comment_status":"closed","ping_status":"closed","template":"","meta":{"footnotes":""},"class_list":["post-8","page","type-page","status-publish","hentry"],"yoast_head":"<!-- This site is optimized with the Yoast SEO plugin v25.7 - https:\/\/yoast.com\/wordpress\/plugins\/seo\/ -->\n<title>\u00c0 propos de - Yoga<\/title>\n<meta name=\"description\" content=\"S\u00e9ance-cours-Yoga-Albi- Carmaux- Cagnac-les-Mines- Pampelonne- Visio- pr\u00e9sentiel- destresser-\u00e9nergie-l\u00e9g\u00e8ret\u00e9-Yin- Yang -bien \u00eatre - jaques vigne - accompagnement - corps-esprit-Fascias-Souffle-Mouvement-\" \/>\n<meta name=\"robots\" content=\"index, follow, max-snippet:-1, max-image-preview:large, max-video-preview:-1\" \/>\n<link rel=\"canonical\" href=\"https:\/\/yogaryam.com\/index.php\/a-propos-de-jaques-vigne-krishnamacharya\/\" \/>\n<meta property=\"og:locale\" content=\"fr_FR\" \/>\n<meta property=\"og:type\" content=\"article\" \/>\n<meta property=\"og:title\" content=\"\u00c0 propos de - Yoga\" \/>\n<meta property=\"og:description\" content=\"S\u00e9ance-cours-Yoga-Albi- Carmaux- Cagnac-les-Mines- Pampelonne- Visio- pr\u00e9sentiel- destresser-\u00e9nergie-l\u00e9g\u00e8ret\u00e9-Yin- Yang -bien \u00eatre - jaques vigne - accompagnement - corps-esprit-Fascias-Souffle-Mouvement-\" \/>\n<meta property=\"og:url\" content=\"https:\/\/yogaryam.com\/index.php\/a-propos-de-jaques-vigne-krishnamacharya\/\" \/>\n<meta property=\"og:site_name\" content=\"Yoga\" \/>\n<meta property=\"article:publisher\" content=\"https:\/\/www.facebook.com\/yogaryam\/\" \/>\n<meta property=\"article:modified_time\" content=\"2026-07-26T13:51:33+00:00\" \/>\n<meta property=\"og:image\" content=\"https:\/\/yogaryam.com\/wp-content\/uploads\/2026\/07\/photo-1.jpg\" \/>\n\t<meta property=\"og:image:width\" content=\"1032\" \/>\n\t<meta property=\"og:image:height\" content=\"1015\" \/>\n\t<meta property=\"og:image:type\" content=\"image\/jpeg\" \/>\n<meta name=\"twitter:card\" content=\"summary_large_image\" \/>\n<meta name=\"twitter:label1\" content=\"Dur\u00e9e de lecture estim\u00e9e\" \/>\n\t<meta name=\"twitter:data1\" content=\"4 minutes\" \/>\n<script type=\"application\/ld+json\" class=\"yoast-schema-graph\">{\"@context\":\"https:\/\/schema.org\",\"@graph\":[{\"@type\":\"WebPage\",\"@id\":\"https:\/\/yogaryam.com\/index.php\/a-propos-de-jaques-vigne-krishnamacharya\/\",\"url\":\"https:\/\/yogaryam.com\/index.php\/a-propos-de-jaques-vigne-krishnamacharya\/\",\"name\":\"\u00c0 propos de - Yoga\",\"isPartOf\":{\"@id\":\"https:\/\/yogaryam.com\/#website\"},\"primaryImageOfPage\":{\"@id\":\"https:\/\/yogaryam.com\/index.php\/a-propos-de-jaques-vigne-krishnamacharya\/#primaryimage\"},\"image\":{\"@id\":\"https:\/\/yogaryam.com\/index.php\/a-propos-de-jaques-vigne-krishnamacharya\/#primaryimage\"},\"thumbnailUrl\":\"https:\/\/yogaryam.com\/wp-content\/uploads\/2026\/07\/photo-1-300x295.jpg\",\"datePublished\":\"2018-05-09T10:22:47+00:00\",\"dateModified\":\"2026-07-26T13:51:33+00:00\",\"description\":\"S\u00e9ance-cours-Yoga-Albi- Carmaux- Cagnac-les-Mines- Pampelonne- Visio- pr\u00e9sentiel- destresser-\u00e9nergie-l\u00e9g\u00e8ret\u00e9-Yin- Yang -bien \u00eatre - jaques vigne - accompagnement - corps-esprit-Fascias-Souffle-Mouvement-\",\"breadcrumb\":{\"@id\":\"https:\/\/yogaryam.com\/index.php\/a-propos-de-jaques-vigne-krishnamacharya\/#breadcrumb\"},\"inLanguage\":\"fr-FR\",\"potentialAction\":[{\"@type\":\"ReadAction\",\"target\":[\"https:\/\/yogaryam.com\/index.php\/a-propos-de-jaques-vigne-krishnamacharya\/\"]}]},{\"@type\":\"ImageObject\",\"inLanguage\":\"fr-FR\",\"@id\":\"https:\/\/yogaryam.com\/index.php\/a-propos-de-jaques-vigne-krishnamacharya\/#primaryimage\",\"url\":\"https:\/\/yogaryam.com\/wp-content\/uploads\/2026\/07\/photo-1.jpg\",\"contentUrl\":\"https:\/\/yogaryam.com\/wp-content\/uploads\/2026\/07\/photo-1.jpg\",\"width\":1032,\"height\":1015,\"caption\":\"photo de moi\"},{\"@type\":\"BreadcrumbList\",\"@id\":\"https:\/\/yogaryam.com\/index.php\/a-propos-de-jaques-vigne-krishnamacharya\/#breadcrumb\",\"itemListElement\":[{\"@type\":\"ListItem\",\"position\":1,\"name\":\"Accueil\",\"item\":\"https:\/\/yogaryam.com\/\"},{\"@type\":\"ListItem\",\"position\":2,\"name\":\"\u00c0 propos de\"}]},{\"@type\":\"WebSite\",\"@id\":\"https:\/\/yogaryam.com\/#website\",\"url\":\"https:\/\/yogaryam.com\/\",\"name\":\"Yoga\",\"description\":\"Faites une pause, Respirez\",\"publisher\":{\"@id\":\"https:\/\/yogaryam.com\/#organization\"},\"potentialAction\":[{\"@type\":\"SearchAction\",\"target\":{\"@type\":\"EntryPoint\",\"urlTemplate\":\"https:\/\/yogaryam.com\/?s={search_term_string}\"},\"query-input\":{\"@type\":\"PropertyValueSpecification\",\"valueRequired\":true,\"valueName\":\"search_term_string\"}}],\"inLanguage\":\"fr-FR\"},{\"@type\":\"Organization\",\"@id\":\"https:\/\/yogaryam.com\/#organization\",\"name\":\"yoga ryam\",\"url\":\"https:\/\/yogaryam.com\/\",\"logo\":{\"@type\":\"ImageObject\",\"inLanguage\":\"fr-FR\",\"@id\":\"https:\/\/yogaryam.com\/#\/schema\/logo\/image\/\",\"url\":\"https:\/\/yogaryam.com\/wp-content\/uploads\/2019\/09\/logo_bg_round.png\",\"contentUrl\":\"https:\/\/yogaryam.com\/wp-content\/uploads\/2019\/09\/logo_bg_round.png\",\"width\":634,\"height\":612,\"caption\":\"yoga ryam\"},\"image\":{\"@id\":\"https:\/\/yogaryam.com\/#\/schema\/logo\/image\/\"},\"sameAs\":[\"https:\/\/www.facebook.com\/yogaryam\/\"]}]}<\/script>\n<!-- \/ Yoast SEO plugin. -->","yoast_head_json":{"title":"\u00c0 propos de - Yoga","description":"S\u00e9ance-cours-Yoga-Albi- Carmaux- Cagnac-les-Mines- Pampelonne- Visio- pr\u00e9sentiel- destresser-\u00e9nergie-l\u00e9g\u00e8ret\u00e9-Yin- Yang -bien \u00eatre - jaques vigne - accompagnement - corps-esprit-Fascias-Souffle-Mouvement-","robots":{"index":"index","follow":"follow","max-snippet":"max-snippet:-1","max-image-preview":"max-image-preview:large","max-video-preview":"max-video-preview:-1"},"canonical":"https:\/\/yogaryam.com\/index.php\/a-propos-de-jaques-vigne-krishnamacharya\/","og_locale":"fr_FR","og_type":"article","og_title":"\u00c0 propos de - Yoga","og_description":"S\u00e9ance-cours-Yoga-Albi- Carmaux- Cagnac-les-Mines- Pampelonne- Visio- pr\u00e9sentiel- destresser-\u00e9nergie-l\u00e9g\u00e8ret\u00e9-Yin- Yang -bien \u00eatre - jaques vigne - accompagnement - corps-esprit-Fascias-Souffle-Mouvement-","og_url":"https:\/\/yogaryam.com\/index.php\/a-propos-de-jaques-vigne-krishnamacharya\/","og_site_name":"Yoga","article_publisher":"https:\/\/www.facebook.com\/yogaryam\/","article_modified_time":"2026-07-26T13:51:33+00:00","og_image":[{"width":1032,"height":1015,"url":"https:\/\/yogaryam.com\/wp-content\/uploads\/2026\/07\/photo-1.jpg","type":"image\/jpeg"}],"twitter_card":"summary_large_image","twitter_misc":{"Dur\u00e9e de lecture estim\u00e9e":"4 minutes"},"schema":{"@context":"https:\/\/schema.org","@graph":[{"@type":"WebPage","@id":"https:\/\/yogaryam.com\/index.php\/a-propos-de-jaques-vigne-krishnamacharya\/","url":"https:\/\/yogaryam.com\/index.php\/a-propos-de-jaques-vigne-krishnamacharya\/","name":"\u00c0 propos de - Yoga","isPartOf":{"@id":"https:\/\/yogaryam.com\/#website"},"primaryImageOfPage":{"@id":"https:\/\/yogaryam.com\/index.php\/a-propos-de-jaques-vigne-krishnamacharya\/#primaryimage"},"image":{"@id":"https:\/\/yogaryam.com\/index.php\/a-propos-de-jaques-vigne-krishnamacharya\/#primaryimage"},"thumbnailUrl":"https:\/\/yogaryam.com\/wp-content\/uploads\/2026\/07\/photo-1-300x295.jpg","datePublished":"2018-05-09T10:22:47+00:00","dateModified":"2026-07-26T13:51:33+00:00","description":"S\u00e9ance-cours-Yoga-Albi- Carmaux- Cagnac-les-Mines- Pampelonne- Visio- pr\u00e9sentiel- destresser-\u00e9nergie-l\u00e9g\u00e8ret\u00e9-Yin- Yang -bien \u00eatre - jaques vigne - accompagnement - corps-esprit-Fascias-Souffle-Mouvement-","breadcrumb":{"@id":"https:\/\/yogaryam.com\/index.php\/a-propos-de-jaques-vigne-krishnamacharya\/#breadcrumb"},"inLanguage":"fr-FR","potentialAction":[{"@type":"ReadAction","target":["https:\/\/yogaryam.com\/index.php\/a-propos-de-jaques-vigne-krishnamacharya\/"]}]},{"@type":"ImageObject","inLanguage":"fr-FR","@id":"https:\/\/yogaryam.com\/index.php\/a-propos-de-jaques-vigne-krishnamacharya\/#primaryimage","url":"https:\/\/yogaryam.com\/wp-content\/uploads\/2026\/07\/photo-1.jpg","contentUrl":"https:\/\/yogaryam.com\/wp-content\/uploads\/2026\/07\/photo-1.jpg","width":1032,"height":1015,"caption":"photo de moi"},{"@type":"BreadcrumbList","@id":"https:\/\/yogaryam.com\/index.php\/a-propos-de-jaques-vigne-krishnamacharya\/#breadcrumb","itemListElement":[{"@type":"ListItem","position":1,"name":"Accueil","item":"https:\/\/yogaryam.com\/"},{"@type":"ListItem","position":2,"name":"\u00c0 propos de"}]},{"@type":"WebSite","@id":"https:\/\/yogaryam.com\/#website","url":"https:\/\/yogaryam.com\/","name":"Yoga","description":"Faites une pause, Respirez","publisher":{"@id":"https:\/\/yogaryam.com\/#organization"},"potentialAction":[{"@type":"SearchAction","target":{"@type":"EntryPoint","urlTemplate":"https:\/\/yogaryam.com\/?s={search_term_string}"},"query-input":{"@type":"PropertyValueSpecification","valueRequired":true,"valueName":"search_term_string"}}],"inLanguage":"fr-FR"},{"@type":"Organization","@id":"https:\/\/yogaryam.com\/#organization","name":"yoga ryam","url":"https:\/\/yogaryam.com\/","logo":{"@type":"ImageObject","inLanguage":"fr-FR","@id":"https:\/\/yogaryam.com\/#\/schema\/logo\/image\/","url":"https:\/\/yogaryam.com\/wp-content\/uploads\/2019\/09\/logo_bg_round.png","contentUrl":"https:\/\/yogaryam.com\/wp-content\/uploads\/2019\/09\/logo_bg_round.png","width":634,"height":612,"caption":"yoga ryam"},"image":{"@id":"https:\/\/yogaryam.com\/#\/schema\/logo\/image\/"},"sameAs":["https:\/\/www.facebook.com\/yogaryam\/"]}]}},"_links":{"self":[{"href":"https:\/\/yogaryam.com\/index.php\/wp-json\/wp\/v2\/pages\/8","targetHints":{"allow":["GET"]}}],"collection":[{"href":"https:\/\/yogaryam.com\/index.php\/wp-json\/wp\/v2\/pages"}],"about":[{"href":"https:\/\/yogaryam.com\/index.php\/wp-json\/wp\/v2\/types\/page"}],"author":[{"embeddable":true,"href":"https:\/\/yogaryam.com\/index.php\/wp-json\/wp\/v2\/users\/2"}],"replies":[{"embeddable":true,"href":"https:\/\/yogaryam.com\/index.php\/wp-json\/wp\/v2\/comments?post=8"}],"version-history":[{"count":31,"href":"https:\/\/yogaryam.com\/index.php\/wp-json\/wp\/v2\/pages\/8\/revisions"}],"predecessor-version":[{"id":2988,"href":"https:\/\/yogaryam.com\/index.php\/wp-json\/wp\/v2\/pages\/8\/revisions\/2988"}],"wp:attachment":[{"href":"https:\/\/yogaryam.com\/index.php\/wp-json\/wp\/v2\/media?parent=8"}],"curies":[{"name":"wp","href":"https:\/\/api.w.org\/{rel}","templated":true}]}}