{"id":560,"date":"2019-08-06T01:09:40","date_gmt":"2019-08-05T23:09:40","guid":{"rendered":"https:\/\/yogaryam.com\/?page_id=560"},"modified":"2020-08-29T17:20:34","modified_gmt":"2020-08-29T15:20:34","slug":"faq","status":"publish","type":"page","link":"https:\/\/yogaryam.com\/index.php\/faq\/","title":{"rendered":"Questions courantes"},"content":{"rendered":"\n<h2 class=\"wp-block-heading\">Peut-on faire une s\u00e9ance d&rsquo;essai ? Sont -elles gratuites ? <\/h2>\n\n\n\n<p><span class=\"has-inline-color has-vivid-purple-color\"> Vous pouvez venir d\u00e9couvrir le yoga \u00e0 l&rsquo;occasion de \u00a0\u00bb journ\u00e9es portes ouvertes\u00a0\u00bb, de manifestations&#8230; Pour en connaitre la date , reportez vous \u00e0 la page \u00ab\u00a0\u00e9v\u00e9nements\u00a0\u00bb de ce site ou retrouvez moi sur la page Facebook \u00ab\u00a0<a href=\"https:\/\/www.facebook.com\/yogaryam\/\">Yogaryam<\/a>\u00ab\u00a0.<br>Vous souhaitez d\u00e9couvrir 1 cours en salle, vous pouvez vous inscrire \u00e0 une s\u00e9ance unique. Reportez vous \u00e0 la page \u00ab\u00a0tarif\u00a0\u00bb de ce site. Si vous d\u00e9cidez ensuite de vous inscrire, ce montant sera d\u00e9duit de l&rsquo;adh\u00e9sion annuelle. <\/span><\/p>\n\n\n\n<p><\/p>\n\n\n\n<p>Est-ce que je peux rattraper une ou plusieurs s\u00e9ances manqu\u00e9es ? <\/p>\n\n\n\n<p><span class=\"has-inline-color has-vivid-purple-color\">Les s\u00e9ances manqu\u00e9es se rattrapent dans une salle de votre choix (sous r\u00e9serve des places) ou en visio. Contactez Myriam LASKAWIEC, la professeure de yoga et yin yoga, pour v\u00e9rifier si une place est disponible ou obtenir le code \u00ab\u00a0visio\u00a0\u00bb <\/span>.<\/p>\n\n\n\n<p>Vous avez des horaires atypiques ou changeants ? <\/p>\n\n\n\n<p><span class=\"has-inline-color has-vivid-purple-color\">Vous pouvez fr\u00e9quenter 2 salles alternativement ou 1 salle et visio, 1 cours hebdomadaire. L&rsquo;inscription doit se faire sur la salle au montant le plus \u00e9lev\u00e9.<\/span><\/p>\n\n\n\n<h2 class=\"wp-block-heading\">Organisez vous des stages sur la m\u00e9ditation ? ou sur d&rsquo;autres th\u00e8mes?&nbsp;<\/h2>\n\n\n\n<p><span class=\"has-inline-color has-vivid-purple-color\">N&rsquo;h\u00e9sitez pas \u00e0 consulter r\u00e9guli\u00e8rement l&rsquo;onglet \u00ab\u00a0\u00e9v\u00e9nements\u00a0\u00bb de ce site qui r\u00e9pertorie les ateliers, les stages&#8230; N&rsquo;h\u00e9sitez pas \u00e0 contacter Myriam LASKAWIEC, la professeure de Hatha yoga et yin yoga.<\/span> <\/p>\n\n\n\n<h2 class=\"wp-block-heading\">Quels sont les \u00e9v\u00e9nements pr\u00e9vus?<\/h2>\n\n\n\n<p><span class=\"has-inline-color has-vivid-purple-color\">Je souhaite connaitre les \u00e9v\u00e8nements pr\u00e9vus ? Les rubriques \u00ab\u00a0agenda\u00a0\u00bb ou \u00ab\u00a0actualit\u00e9\u00a0\u00bb  sont actualis\u00e9es au fur et \u00e0 mesure des programmations &#8230; \u00c0 consulter<\/span><\/p>\n\n\n\n<p><\/p>\n\n\n\n<h2 class=\"wp-block-heading\">Quel est le tarif \u00ab\u00a02 cours\u00a0\u00bb ?<\/h2>\n\n\n\n<p><span class=\"has-inline-color has-vivid-purple-color\">A partir de 2 cours, le tarif appliqu\u00e9 est le montant le plus \u00e9lev\u00e9 d&rsquo;un cours auquel je rajoute + 186\u20ac<\/span><br><\/p>\n\n\n\n<p>Au sujet du protocole sanitaire ? <\/p>\n\n\n\n<p><span class=\"has-inline-color has-vivid-purple-color\">La r\u00e8glementation nationale est appliqu\u00e9e. <\/span><\/p>\n\n\n\n<p><span class=\"has-inline-color has-vivid-purple-color\">Pour toutes les salles , afin d&rsquo;\u00e9viter les regroupements, \u00e0 l&rsquo;arriv\u00e9e et au d\u00e9part, vous aurez la possibilit\u00e9 d&rsquo;entrer et sortir par les baies vitr\u00e9es ou d&rsquo;utiliser les portes \u00ab\u00a0sortie de secours\u00a0\u00bb . <\/span><\/p>\n\n\n\n<p><span class=\"has-inline-color has-vivid-purple-color\">Pour les salles de Cagnac-les-Mines, Pampelonne albi-Espace Alegria , vous avez la possibilit\u00e9 de prendre vos affaires (chaussures, manteaux..) pr\u00e8s de vous .<\/span><\/p>\n\n\n\n<p><\/p>\n\n\n\n<p><\/p>\n\n\n\n<h2 class=\"wp-block-heading\">Y a-t-il besoin d&rsquo;un certificat m\u00e9dical ?<\/h2>\n\n\n\n<p><span class=\"has-inline-color has-vivid-purple-color\">La pratique du yoga ne n\u00e9cessite pas un certificat m\u00e9dical. <br>Pensez \u00e0 signaler si vous avez des probl\u00e8mes de sant\u00e9 de mani\u00e8re r\u00e9guli\u00e8re. Si c\u2019est ponctuel, signalez le en d\u00e9but de cours.<\/span><\/p>\n","protected":false},"excerpt":{"rendered":"<p>Peut-on faire une s\u00e9ance d&rsquo;essai ? Sont -elles gratuites ? Vous pouvez venir d\u00e9couvrir le yoga \u00e0 l&rsquo;occasion de \u00a0\u00bb journ\u00e9es portes ouvertes\u00a0\u00bb, de manifestations&#8230; Pour en connaitre la date &hellip; <\/p>\n<p class=\"link-more\"><a href=\"https:\/\/yogaryam.com\/index.php\/faq\/\" class=\"more-link\">Continuer la lecture<span class=\"screen-reader-text\"> de &laquo;&nbsp;Questions courantes&nbsp;&raquo;<\/span><\/a><\/p>\n","protected":false},"author":2,"featured_media":0,"parent":0,"menu_order":0,"comment_status":"closed","ping_status":"closed","template":"","meta":{"footnotes":""},"class_list":["post-560","page","type-page","status-publish","hentry"],"yoast_head":"<!-- This site is optimized with the Yoast SEO plugin v25.7 - https:\/\/yoast.com\/wordpress\/plugins\/seo\/ -->\n<title>Questions courantes - Yoga<\/title>\n<meta name=\"description\" content=\"tarifs Yoga Yin Yoga Albi Carmaux Pampelonne Cagnac Tarn Nord les questions sant\u00e9 Bien-\u00eatre souplesse d\u00e9tente calme zen attitude soins articulations\" \/>\n<meta name=\"robots\" content=\"index, follow, max-snippet:-1, max-image-preview:large, max-video-preview:-1\" \/>\n<link rel=\"canonical\" href=\"https:\/\/yogaryam.com\/index.php\/faq\/\" \/>\n<meta property=\"og:locale\" content=\"fr_FR\" \/>\n<meta property=\"og:type\" content=\"article\" \/>\n<meta property=\"og:title\" content=\"Questions courantes - Yoga\" \/>\n<meta property=\"og:description\" content=\"tarifs Yoga Yin Yoga Albi Carmaux Pampelonne Cagnac Tarn Nord les questions sant\u00e9 Bien-\u00eatre souplesse d\u00e9tente calme zen attitude soins articulations\" \/>\n<meta property=\"og:url\" content=\"https:\/\/yogaryam.com\/index.php\/faq\/\" \/>\n<meta property=\"og:site_name\" content=\"Yoga\" \/>\n<meta property=\"article:publisher\" content=\"https:\/\/www.facebook.com\/yogaryam\/\" \/>\n<meta property=\"article:modified_time\" content=\"2020-08-29T15:20:34+00:00\" \/>\n<meta property=\"og:image\" content=\"https:\/\/yogaryam.com\/wp-content\/uploads\/2020\/08\/HD_FLYER_YOGARYAM_A5_RENTREE-2020-20212-1_pages-to-jpg-0001.jpg\" \/>\n\t<meta property=\"og:image:width\" content=\"1241\" \/>\n\t<meta property=\"og:image:height\" content=\"875\" \/>\n\t<meta property=\"og:image:type\" content=\"image\/jpeg\" \/>\n<meta name=\"twitter:card\" content=\"summary_large_image\" \/>\n<meta name=\"twitter:label1\" content=\"Dur\u00e9e de lecture estim\u00e9e\" \/>\n\t<meta name=\"twitter:data1\" content=\"2 minutes\" \/>\n<script type=\"application\/ld+json\" class=\"yoast-schema-graph\">{\"@context\":\"https:\/\/schema.org\",\"@graph\":[{\"@type\":\"WebPage\",\"@id\":\"https:\/\/yogaryam.com\/index.php\/faq\/\",\"url\":\"https:\/\/yogaryam.com\/index.php\/faq\/\",\"name\":\"Questions courantes - Yoga\",\"isPartOf\":{\"@id\":\"https:\/\/yogaryam.com\/#website\"},\"datePublished\":\"2019-08-05T23:09:40+00:00\",\"dateModified\":\"2020-08-29T15:20:34+00:00\",\"description\":\"tarifs Yoga Yin Yoga Albi Carmaux Pampelonne Cagnac Tarn Nord les questions sant\u00e9 Bien-\u00eatre souplesse d\u00e9tente calme zen attitude soins articulations\",\"breadcrumb\":{\"@id\":\"https:\/\/yogaryam.com\/index.php\/faq\/#breadcrumb\"},\"inLanguage\":\"fr-FR\",\"potentialAction\":[{\"@type\":\"ReadAction\",\"target\":[\"https:\/\/yogaryam.com\/index.php\/faq\/\"]}]},{\"@type\":\"BreadcrumbList\",\"@id\":\"https:\/\/yogaryam.com\/index.php\/faq\/#breadcrumb\",\"itemListElement\":[{\"@type\":\"ListItem\",\"position\":1,\"name\":\"Accueil\",\"item\":\"https:\/\/yogaryam.com\/\"},{\"@type\":\"ListItem\",\"position\":2,\"name\":\"Questions courantes\"}]},{\"@type\":\"WebSite\",\"@id\":\"https:\/\/yogaryam.com\/#website\",\"url\":\"https:\/\/yogaryam.com\/\",\"name\":\"Yoga\",\"description\":\"Faites une pause, Respirez\",\"publisher\":{\"@id\":\"https:\/\/yogaryam.com\/#organization\"},\"potentialAction\":[{\"@type\":\"SearchAction\",\"target\":{\"@type\":\"EntryPoint\",\"urlTemplate\":\"https:\/\/yogaryam.com\/?s={search_term_string}\"},\"query-input\":{\"@type\":\"PropertyValueSpecification\",\"valueRequired\":true,\"valueName\":\"search_term_string\"}}],\"inLanguage\":\"fr-FR\"},{\"@type\":\"Organization\",\"@id\":\"https:\/\/yogaryam.com\/#organization\",\"name\":\"yoga ryam\",\"url\":\"https:\/\/yogaryam.com\/\",\"logo\":{\"@type\":\"ImageObject\",\"inLanguage\":\"fr-FR\",\"@id\":\"https:\/\/yogaryam.com\/#\/schema\/logo\/image\/\",\"url\":\"https:\/\/yogaryam.com\/wp-content\/uploads\/2019\/09\/logo_bg_round.png\",\"contentUrl\":\"https:\/\/yogaryam.com\/wp-content\/uploads\/2019\/09\/logo_bg_round.png\",\"width\":634,\"height\":612,\"caption\":\"yoga ryam\"},\"image\":{\"@id\":\"https:\/\/yogaryam.com\/#\/schema\/logo\/image\/\"},\"sameAs\":[\"https:\/\/www.facebook.com\/yogaryam\/\"]}]}<\/script>\n<!-- \/ Yoast SEO plugin. -->","yoast_head_json":{"title":"Questions courantes - Yoga","description":"tarifs Yoga Yin Yoga Albi Carmaux Pampelonne Cagnac Tarn Nord les questions sant\u00e9 Bien-\u00eatre souplesse d\u00e9tente calme zen attitude soins articulations","robots":{"index":"index","follow":"follow","max-snippet":"max-snippet:-1","max-image-preview":"max-image-preview:large","max-video-preview":"max-video-preview:-1"},"canonical":"https:\/\/yogaryam.com\/index.php\/faq\/","og_locale":"fr_FR","og_type":"article","og_title":"Questions courantes - Yoga","og_description":"tarifs Yoga Yin Yoga Albi Carmaux Pampelonne Cagnac Tarn Nord les questions sant\u00e9 Bien-\u00eatre souplesse d\u00e9tente calme zen attitude soins articulations","og_url":"https:\/\/yogaryam.com\/index.php\/faq\/","og_site_name":"Yoga","article_publisher":"https:\/\/www.facebook.com\/yogaryam\/","article_modified_time":"2020-08-29T15:20:34+00:00","og_image":[{"width":1241,"height":875,"url":"https:\/\/yogaryam.com\/wp-content\/uploads\/2020\/08\/HD_FLYER_YOGARYAM_A5_RENTREE-2020-20212-1_pages-to-jpg-0001.jpg","type":"image\/jpeg"}],"twitter_card":"summary_large_image","twitter_misc":{"Dur\u00e9e de lecture estim\u00e9e":"2 minutes"},"schema":{"@context":"https:\/\/schema.org","@graph":[{"@type":"WebPage","@id":"https:\/\/yogaryam.com\/index.php\/faq\/","url":"https:\/\/yogaryam.com\/index.php\/faq\/","name":"Questions courantes - Yoga","isPartOf":{"@id":"https:\/\/yogaryam.com\/#website"},"datePublished":"2019-08-05T23:09:40+00:00","dateModified":"2020-08-29T15:20:34+00:00","description":"tarifs Yoga Yin Yoga Albi Carmaux Pampelonne Cagnac Tarn Nord les questions sant\u00e9 Bien-\u00eatre souplesse d\u00e9tente calme zen attitude soins articulations","breadcrumb":{"@id":"https:\/\/yogaryam.com\/index.php\/faq\/#breadcrumb"},"inLanguage":"fr-FR","potentialAction":[{"@type":"ReadAction","target":["https:\/\/yogaryam.com\/index.php\/faq\/"]}]},{"@type":"BreadcrumbList","@id":"https:\/\/yogaryam.com\/index.php\/faq\/#breadcrumb","itemListElement":[{"@type":"ListItem","position":1,"name":"Accueil","item":"https:\/\/yogaryam.com\/"},{"@type":"ListItem","position":2,"name":"Questions courantes"}]},{"@type":"WebSite","@id":"https:\/\/yogaryam.com\/#website","url":"https:\/\/yogaryam.com\/","name":"Yoga","description":"Faites une pause, Respirez","publisher":{"@id":"https:\/\/yogaryam.com\/#organization"},"potentialAction":[{"@type":"SearchAction","target":{"@type":"EntryPoint","urlTemplate":"https:\/\/yogaryam.com\/?s={search_term_string}"},"query-input":{"@type":"PropertyValueSpecification","valueRequired":true,"valueName":"search_term_string"}}],"inLanguage":"fr-FR"},{"@type":"Organization","@id":"https:\/\/yogaryam.com\/#organization","name":"yoga ryam","url":"https:\/\/yogaryam.com\/","logo":{"@type":"ImageObject","inLanguage":"fr-FR","@id":"https:\/\/yogaryam.com\/#\/schema\/logo\/image\/","url":"https:\/\/yogaryam.com\/wp-content\/uploads\/2019\/09\/logo_bg_round.png","contentUrl":"https:\/\/yogaryam.com\/wp-content\/uploads\/2019\/09\/logo_bg_round.png","width":634,"height":612,"caption":"yoga ryam"},"image":{"@id":"https:\/\/yogaryam.com\/#\/schema\/logo\/image\/"},"sameAs":["https:\/\/www.facebook.com\/yogaryam\/"]}]}},"_links":{"self":[{"href":"https:\/\/yogaryam.com\/index.php\/wp-json\/wp\/v2\/pages\/560","targetHints":{"allow":["GET"]}}],"collection":[{"href":"https:\/\/yogaryam.com\/index.php\/wp-json\/wp\/v2\/pages"}],"about":[{"href":"https:\/\/yogaryam.com\/index.php\/wp-json\/wp\/v2\/types\/page"}],"author":[{"embeddable":true,"href":"https:\/\/yogaryam.com\/index.php\/wp-json\/wp\/v2\/users\/2"}],"replies":[{"embeddable":true,"href":"https:\/\/yogaryam.com\/index.php\/wp-json\/wp\/v2\/comments?post=560"}],"version-history":[{"count":12,"href":"https:\/\/yogaryam.com\/index.php\/wp-json\/wp\/v2\/pages\/560\/revisions"}],"predecessor-version":[{"id":1480,"href":"https:\/\/yogaryam.com\/index.php\/wp-json\/wp\/v2\/pages\/560\/revisions\/1480"}],"wp:attachment":[{"href":"https:\/\/yogaryam.com\/index.php\/wp-json\/wp\/v2\/media?parent=560"}],"curies":[{"name":"wp","href":"https:\/\/api.w.org\/{rel}","templated":true}]}}